{"id":1337,"date":"2013-09-22T16:55:28","date_gmt":"2013-09-22T20:55:28","guid":{"rendered":"https:\/\/blog.chouynard.ca\/?page_id=1337"},"modified":"2013-09-22T16:55:28","modified_gmt":"2013-09-22T20:55:28","slug":"montreal-mosaicultures-31-aout-2013","status":"publish","type":"page","link":"https:\/\/blog.chouynard.ca\/?page_id=1337","title":{"rendered":"Montr\u00e9al &#8211; Mosa\u00efcultures &#8211; 31 ao\u00fbt 2013"},"content":{"rendered":"<p>La journ\u00e9e \u00e0 Montr\u00e9al avait comme premier objectif de visiter l&rsquo;exposition Mosa\u00efcultures. Une visite au march\u00e9 Jean-Talon devait ensuite suivre avant le retour vers Qu\u00e9bec.<\/p>\n<div id=\"attachment_1346\" style=\"width: 234px\" class=\"wp-caption alignleft\"><a href=\"https:\/\/blog.chouynard.ca\/wp-content\/uploads\/2013\/09\/IMG_2956.jpg\"><img loading=\"lazy\" decoding=\"async\" aria-describedby=\"caption-attachment-1346\" class=\"size-medium wp-image-1346\" alt=\"\u00c0 l'ombre de la tour du stade\" src=\"https:\/\/blog.chouynard.ca\/wp-content\/uploads\/2013\/09\/IMG_2956-224x300.jpg\" width=\"224\" height=\"300\" srcset=\"https:\/\/blog.chouynard.ca\/wp-content\/uploads\/2013\/09\/IMG_2956-224x300.jpg 224w, https:\/\/blog.chouynard.ca\/wp-content\/uploads\/2013\/09\/IMG_2956-767x1024.jpg 767w, https:\/\/blog.chouynard.ca\/wp-content\/uploads\/2013\/09\/IMG_2956.jpg 1336w\" sizes=\"auto, (max-width: 224px) 100vw, 224px\" \/><\/a><p id=\"caption-attachment-1346\" class=\"wp-caption-text\">\u00c0 l&rsquo;ombre de la tour du stade<\/p><\/div>\n<p>L&rsquo;exposition se tient au Jardin Botanique presqu&rsquo;\u00e0 l&rsquo;ombre de la grande tour du stade olympique. En gros, pour ceux qui ne sont pas familier avec la formule, il s&rsquo;agit de r\u00e9aliser des am\u00e9nagements ou des installations artistiques faites avec des plantes. De l\u00e0 le lien \u00e9troit avec le Jardin botanique.<\/p>\n<p>Le parcours des Mosa\u00efcultures fait une large boucle vers la droite, \u00e0 partir de l&rsquo;entr\u00e9e du Jardin botanique, sur la rue Sherbrooke, se rend \u00e0 la section Arboretum, et revient au point de d\u00e9part en longeant le boulevard Pie IX. En tout, 48 exposants officiels se succ\u00e8dent, avec des \u0153uvres parfois tr\u00e8s originales, pour le plaisir des visiteurs.<\/p>\n<p>&nbsp;<\/p>\n<div id=\"attachment_1351\" style=\"width: 235px\" class=\"wp-caption alignleft\"><a href=\"https:\/\/blog.chouynard.ca\/wp-content\/uploads\/2013\/09\/Leu_leu1.jpg\"><img loading=\"lazy\" decoding=\"async\" aria-describedby=\"caption-attachment-1351\" class=\"size-medium wp-image-1351\" alt=\"La premi\u00e8re \u0153uvre vient de Madagascar : \u00c0 la queue leu-leu\" src=\"https:\/\/blog.chouynard.ca\/wp-content\/uploads\/2013\/09\/Leu_leu1-225x300.jpg\" width=\"225\" height=\"300\" srcset=\"https:\/\/blog.chouynard.ca\/wp-content\/uploads\/2013\/09\/Leu_leu1-225x300.jpg 225w, https:\/\/blog.chouynard.ca\/wp-content\/uploads\/2013\/09\/Leu_leu1-768x1024.jpg 768w\" sizes=\"auto, (max-width: 225px) 100vw, 225px\" \/><\/a><p id=\"caption-attachment-1351\" class=\"wp-caption-text\">La premi\u00e8re \u0153uvre rencontr\u00e9e vient de Madagascar : \u00ab\u00c0 la queue leu-leu\u00bb.<\/p><\/div>\n<p>&nbsp;<\/p>\n<p>&nbsp;<\/p>\n<p>&nbsp;<\/p>\n<p>&nbsp;<\/p>\n<p>&nbsp;<\/p>\n<p>&nbsp;<\/p>\n<p>Je n&rsquo;ai malheureusement pas des images pour les 48 am\u00e9nagements de sculptures v\u00e9g\u00e9tales de l&rsquo;exposition mais voici tout de m\u00eame quelques autres pi\u00e8ces int\u00e9ressantes.<\/p>\n<p>Am\u00e9nagement de la Province de Hainaut en Belgique : \u00abLe jardin des insectes\u00bb.<\/p>\nngg_shortcode_0_placeholder\n<p>Am\u00e9nagement de la Ville de Montr\u00e9al : \u00abL&rsquo;homme qui plantait des arbre\u00bb.<\/p>\nngg_shortcode_1_placeholder\n<p>Bien s\u00fbr des photographes de tout acabit s&rsquo;en donnent \u00e0 c\u0153ur joie dans un endroit aussi stimulant!<\/p>\n<div id=\"attachment_1357\" style=\"width: 460px\" class=\"wp-caption alignleft\"><a href=\"https:\/\/blog.chouynard.ca\/wp-content\/uploads\/2013\/09\/fotografs.jpg\"><img loading=\"lazy\" decoding=\"async\" aria-describedby=\"caption-attachment-1357\" class=\" wp-image-1357  \" alt=\"Le ch\u0153ur des clics-clics \" src=\"https:\/\/blog.chouynard.ca\/wp-content\/uploads\/2013\/09\/fotografs-300x128.jpg\" width=\"450\" height=\"192\" srcset=\"https:\/\/blog.chouynard.ca\/wp-content\/uploads\/2013\/09\/fotografs-300x128.jpg 300w, https:\/\/blog.chouynard.ca\/wp-content\/uploads\/2013\/09\/fotografs-1024x438.jpg 1024w, https:\/\/blog.chouynard.ca\/wp-content\/uploads\/2013\/09\/fotografs.jpg 1349w\" sizes=\"auto, (max-width: 450px) 100vw, 450px\" \/><\/a><p id=\"caption-attachment-1357\" class=\"wp-caption-text\">Un ch\u0153ur de clics-clics<\/p><\/div>\n<p>&nbsp;<\/p>\n<p>&nbsp;<\/p>\n<p>&nbsp;<\/p>\n<p>&nbsp;<\/p>\n<p>&nbsp;<\/p>\n<p>&nbsp;<\/p>\n<p>Offert par la Ville de Shanghai en Chine, l&rsquo;histoire d&rsquo;une jeune femme l\u00e9gendaire en chine : \u00abUne histoire vraie!\u00bb<\/p>\nngg_shortcode_2_placeholder\n<p>Plus modeste mais bien rigolo, les \u00abFragiles grenouilles!\u00bb de la Ville d&rsquo;Atlanta aux \u00c9tats-Unis.<\/p>\nngg_shortcode_3_placeholder\n<p>Puis quelques autres installations diverses&#8230;<\/p>\nngg_shortcode_4_placeholder\n<p>Et, de Montr\u00e9al, \u00abLes esprits de la for\u00eat\u00bb.<\/p>\n<div id=\"attachment_1386\" style=\"width: 460px\" class=\"wp-caption alignleft\"><a href=\"https:\/\/blog.chouynard.ca\/wp-content\/uploads\/2013\/09\/Rex.jpg\"><img loading=\"lazy\" decoding=\"async\" aria-describedby=\"caption-attachment-1386\" class=\" wp-image-1386   \" alt=\"Un sanglier de l'installation britannique \u00abLes sangliers de l'\u00eele de Sally\u00bb court vers \u00abLes esprits de la for\u00eats\u00bb\" src=\"https:\/\/blog.chouynard.ca\/wp-content\/uploads\/2013\/09\/Rex-300x225.jpg\" width=\"450\" height=\"338\" srcset=\"https:\/\/blog.chouynard.ca\/wp-content\/uploads\/2013\/09\/Rex-300x225.jpg 300w, https:\/\/blog.chouynard.ca\/wp-content\/uploads\/2013\/09\/Rex-1024x768.jpg 1024w\" sizes=\"auto, (max-width: 450px) 100vw, 450px\" \/><\/a><p id=\"caption-attachment-1386\" class=\"wp-caption-text\">Un sanglier de l&rsquo;installation britannique \u00abLes sangliers de l&rsquo;\u00eele de Sally\u00bb court vers \u00abLes esprits de la for\u00eats\u00bb<\/p><\/div>\n<p>&nbsp;<\/p>\n<p>&nbsp;<\/p>\n<p>&nbsp;<\/p>\n<p>&nbsp;<\/p>\n<p>&nbsp;<\/p>\n<p>&nbsp;<\/p>\n<p>&nbsp;<\/p>\n<p>&nbsp;<\/p>\n<p>&nbsp;<\/p>\nngg_shortcode_5_placeholder\n<p>Sont-ce justement ces esprits forestiers qui ont \u00e9corch\u00e9 ces pauvres chevaux ou est-ce le soit-disant \u00abLe cheval d&rsquo;Uffington\u00bb pr\u00e9sent\u00e9 par l&rsquo;Angleterre?<\/p>\n<div id=\"attachment_1366\" style=\"width: 310px\" class=\"wp-caption alignleft\"><a href=\"https:\/\/blog.chouynard.ca\/wp-content\/uploads\/2013\/09\/IMG_2919.jpg\"><img loading=\"lazy\" decoding=\"async\" aria-describedby=\"caption-attachment-1366\" class=\"size-medium wp-image-1366\" alt=\"Une \u0153uvre non seulement originale mais s\u00fbrement difficile \u00e0 r\u00e9aliser!\" src=\"https:\/\/blog.chouynard.ca\/wp-content\/uploads\/2013\/09\/IMG_2919-300x225.jpg\" width=\"300\" height=\"225\" srcset=\"https:\/\/blog.chouynard.ca\/wp-content\/uploads\/2013\/09\/IMG_2919-300x225.jpg 300w, https:\/\/blog.chouynard.ca\/wp-content\/uploads\/2013\/09\/IMG_2919-1024x767.jpg 1024w, https:\/\/blog.chouynard.ca\/wp-content\/uploads\/2013\/09\/IMG_2919.jpg 1648w\" sizes=\"auto, (max-width: 300px) 100vw, 300px\" \/><\/a><p id=\"caption-attachment-1366\" class=\"wp-caption-text\">Une \u0153uvre non seulement originale mais s\u00fbrement difficile \u00e0 r\u00e9aliser!<\/p><\/div>\n<p>&nbsp;<\/p>\n<p>&nbsp;<\/p>\n<p>&nbsp;<\/p>\n<p>&nbsp;<\/p>\n<p>&nbsp;<\/p>\n<p>&nbsp;<\/p>\n<p>&nbsp;<\/p>\n<p>D&rsquo;Edmunton, la \u00abRencontre des quatre nations\u00bb.<\/p>\nngg_shortcode_6_placeholder\n<p>Puis un autre am\u00e9nagement monumental de la Ville de Montr\u00e9al : \u00abLa Terre-M\u00e8re\u00bb.<\/p>\nngg_shortcode_7_placeholder\n<p>Encore quelques pi\u00e8ces diversifi\u00e9es ainsi que des photos de la nature au Jardin&#8230;<\/p>\nngg_shortcode_8_placeholder\n<p>La ville de Beijing en Chine propose ensuite, rien de moins que l&rsquo;oiseau qui rena\u00eet de ses cendres : \u00abPlanter des platanes pour attirer le Ph\u00e9nix\u00bb.<\/p>\nngg_shortcode_9_placeholder\n<p>De Montr\u00e9al toujours, quelques aspects magnifi\u00e9s de la \u00abNature en ville\u00bb&#8230;<\/p>\nngg_shortcode_10_placeholder\n<p>&#8230;ainsi que le fameuse pr\u00e9sentation \u00abL&rsquo;arbre aux oiseaux\u00bb, une pi\u00e8ce presque trop \u00e9labor\u00e9e pour r\u00e9ussir \u00e0 tout appr\u00e9hender ce qu&rsquo;elle renferme!<\/p>\nngg_shortcode_11_placeholder\n<p>Puisque nous sommes au Jardin Botanique, r\u00e9galons-nous aussi de quelques images de fleurs:<\/p>\nngg_shortcode_12_placeholder\n<p>La tourn\u00e9e de cette magnifique exposition a pris quelques heures mais aurait pu prendre presque toute la journ\u00e9e. Au passage nous nous sommes rendu compte, \u00e0 observer le personnel patient et d\u00e9di\u00e9 du Jardin Botanique, que le travail d&rsquo;entretien d&rsquo;une exposition de sculptures vivantes demandait beaucoup de travail et d&rsquo;engagement.<\/p>\nngg_shortcode_13_placeholder\n<p>Apr\u00e8s une rapide visite au March\u00e9 Jean-Talon, pourquoi ne pas profiter des largesses de nos producteurs locaux pour organiser un pique-nique dans le beau Parc Lafontaine&#8230;<\/p>\n<p><a href=\"https:\/\/blog.chouynard.ca\/wp-content\/uploads\/2013\/09\/PikNik.jpg\"><img loading=\"lazy\" decoding=\"async\" class=\"alignleft  wp-image-1378\" alt=\"PikNik\" src=\"https:\/\/blog.chouynard.ca\/wp-content\/uploads\/2013\/09\/PikNik-300x128.jpg\" width=\"600\" height=\"256\" srcset=\"https:\/\/blog.chouynard.ca\/wp-content\/uploads\/2013\/09\/PikNik-300x128.jpg 300w, https:\/\/blog.chouynard.ca\/wp-content\/uploads\/2013\/09\/PikNik-1024x438.jpg 1024w\" sizes=\"auto, (max-width: 600px) 100vw, 600px\" \/><\/a><\/p>\n<p>&nbsp;<\/p>\n<p>&nbsp;<\/p>\n<p>&nbsp;<\/p>\n<p>&nbsp;<\/p>\nngg_shortcode_14_placeholder\n","protected":false},"excerpt":{"rendered":"<p>La journ\u00e9e \u00e0 Montr\u00e9al avait comme premier objectif de visiter l&rsquo;exposition Mosa\u00efcultures. Une visite au march\u00e9 Jean-Talon devait ensuite suivre avant le retour vers Qu\u00e9bec. L&rsquo;exposition se tient au Jardin Botanique presqu&rsquo;\u00e0 l&rsquo;ombre de la grande tour du stade olympique. &hellip; <a href=\"https:\/\/blog.chouynard.ca\/?page_id=1337\">Continuer la lecture <span class=\"meta-nav\">&rarr;<\/span><\/a><\/p>\n","protected":false},"author":4,"featured_media":0,"parent":0,"menu_order":0,"comment_status":"open","ping_status":"open","template":"","meta":{"ngg_post_thumbnail":0,"footnotes":""},"class_list":["post-1337","page","type-page","status-publish","hentry"],"_links":{"self":[{"href":"https:\/\/blog.chouynard.ca\/index.php?rest_route=\/wp\/v2\/pages\/1337","targetHints":{"allow":["GET"]}}],"collection":[{"href":"https:\/\/blog.chouynard.ca\/index.php?rest_route=\/wp\/v2\/pages"}],"about":[{"href":"https:\/\/blog.chouynard.ca\/index.php?rest_route=\/wp\/v2\/types\/page"}],"author":[{"embeddable":true,"href":"https:\/\/blog.chouynard.ca\/index.php?rest_route=\/wp\/v2\/users\/4"}],"replies":[{"embeddable":true,"href":"https:\/\/blog.chouynard.ca\/index.php?rest_route=%2Fwp%2Fv2%2Fcomments&post=1337"}],"version-history":[{"count":46,"href":"https:\/\/blog.chouynard.ca\/index.php?rest_route=\/wp\/v2\/pages\/1337\/revisions"}],"predecessor-version":[{"id":1395,"href":"https:\/\/blog.chouynard.ca\/index.php?rest_route=\/wp\/v2\/pages\/1337\/revisions\/1395"}],"wp:attachment":[{"href":"https:\/\/blog.chouynard.ca\/index.php?rest_route=%2Fwp%2Fv2%2Fmedia&parent=1337"}],"curies":[{"name":"wp","href":"https:\/\/api.w.org\/{rel}","templated":true}]}}